{"id":443,"date":"2019-08-20T17:45:50","date_gmt":"2019-08-20T15:45:50","guid":{"rendered":"https:\/\/grunert-psychotherapie.de\/?page_id=443"},"modified":"2026-02-11T09:37:22","modified_gmt":"2026-02-11T08:37:22","slug":"schmerz","status":"publish","type":"page","link":"https:\/\/grunert-psychotherapie.de\/tr\/behandlungsschwerpunkte\/schmerz\/","title":{"rendered":"Kronik a\u011fr\u0131"},"content":{"rendered":"<h1>Somatoform a\u011fr\u0131 bozuklu\u011fu olan hastalar i\u00e7in \u00f6zel terapi grubu<\/h1>\n<p>Kronik a\u011fr\u0131, bir\u00e7ok insan i\u00e7in hem bedensel hem de ruhsal a\u00e7\u0131dan derin bir y\u00fck olu\u015fturmaktad\u0131r. Kapsaml\u0131 t\u0131bbi incelemeler yap\u0131lm\u0131\u015f olsa ya da organik bulgular \u015fik\u00e2yetlerin \u015fiddetini yeterince a\u00e7\u0131klayamasa bile, a\u011fr\u0131lar ger\u00e7ektir, y\u0131prat\u0131c\u0131d\u0131r ve g\u00fcnl\u00fck ya\u015fam\u0131 belirleyici nitelik ta\u015f\u0131r. Somatoform ve kronik a\u011fr\u0131lar\u0131 olan hastalara y\u00f6nelik psikoterapi g\u00f6r\u00fc\u015fmesi, uzun s\u00fcredir devam eden a\u011fr\u0131 sendromlar\u0131ndan muzdarip olan ve bu \u015fik\u00e2yetlerle ba\u015fa \u00e7\u0131kabilmek i\u00e7in psikoterap\u00f6tik destek arayan ki\u015filere y\u00f6neliktir.<\/p>\n<p>Bir\u00e7ok hasta, kronik a\u011fr\u0131n\u0131n seyri s\u0131ras\u0131nda giderek artan bir t\u00fckenmi\u015flik, \u00e7aresizlik ve i\u00e7sel gerginlik ya\u015fad\u0131\u011f\u0131n\u0131 bildirir. Buna s\u0131kl\u0131kla depresif duygu durumlar\u0131, kayg\u0131lar, uyku bozukluklar\u0131 ya da kendini tamamen duruma teslim olmu\u015f hissetme e\u015flik eder. Ki\u015fi kendi bedenini \u00e7o\u011fu zaman \u00f6ng\u00f6r\u00fclemez, yabanc\u0131 ya da tehdit edici olarak alg\u0131lar. S\u00fcrekli a\u011fr\u0131yla ya\u015famak, benlik alg\u0131s\u0131n\u0131 kal\u0131c\u0131 bi\u00e7imde de\u011fi\u015ftirebilir ve kontrol, dayan\u0131kl\u0131l\u0131k, kimlik ve ya\u015fam\u0131n anlam\u0131na dair sorular\u0131 g\u00fcndeme getirebilir.<\/p>\n<p>Kronik a\u011fr\u0131, ki\u015fileraras\u0131 ili\u015fkiler \u00fczerinde de \u00e7o\u011fu zaman belirgin etkiler yarat\u0131r. E\u015f ili\u015fkilerinde, aile i\u00e7inde ya da i\u015f ya\u015fam\u0131nda roller de\u011fi\u015fir; geri \u00e7ekilme ve sosyal izolasyon artabilir. Ayn\u0131 zamanda bir\u00e7ok hasta, gerek \u00f6zel \u00e7evresinde gerekse t\u0131bbi ba\u011flamda yeterince anla\u015f\u0131lmad\u0131\u011f\u0131n\u0131 ya da ciddiye al\u0131nmad\u0131\u011f\u0131n\u0131 hisseder. Kendi \u015fik\u00e2yetlerini tekrar tekrar a\u00e7\u0131klama ya da me\u015frula\u015ft\u0131rma \u00e7abas\u0131, utan\u00e7 verici ve cesaret k\u0131r\u0131c\u0131 olabilir.<\/p>\n<p>A\u011fr\u0131ya y\u00f6nelik psikoterapi g\u00f6r\u00fc\u015fmelerimde \u00f6ncelikle ortak bir anlay\u0131\u015f geli\u015ftirmek ama\u00e7lan\u0131r: A\u011fr\u0131lar nas\u0131l ortaya \u00e7\u0131kt\u0131? Hangi ya\u015fam ba\u011flamlar\u0131nda ba\u015flad\u0131 ya da \u015fiddetlendi? Hangi i\u00e7sel \u00e7at\u0131\u015fmalar, ruhsal y\u00fckler ya da ili\u015fki deneyimleri a\u011fr\u0131 s\u00fcreciyle ba\u011flant\u0131l\u0131 olabilir? Psikosomatik a\u011fr\u0131 ara\u015ft\u0131rmalar\u0131nda kronik a\u011fr\u0131, yaln\u0131zca bedensel bir olgu olarak de\u011fil; biyolojik, psikolojik ve sosyal etkenlerin karma\u015f\u0131k bir etkile\u015fimi olarak ele al\u0131nmaktad\u0131r. \u00c7o\u011fu zaman a\u011fr\u0131, i\u00e7sel gerilimlerin, bilin\u00e7d\u0131\u015f\u0131 \u00e7at\u0131\u015fmalar\u0131n ya da i\u015flenmemi\u015f duygusal deneyimlerin bir ifadesi olarak i\u015flev g\u00f6r\u00fcr.<\/p>\n<p>Bu a\u011fr\u0131 psikoterapisi g\u00f6r\u00fc\u015fmesi, ayn\u0131 zamanda kronik a\u011fr\u0131 hastalar\u0131na y\u00f6nelik \u00f6zel analitik-etkile\u015fimsel grup terapime kat\u0131l\u0131m i\u00e7in bir \u00f6n g\u00f6r\u00fc\u015fme niteli\u011fi ta\u015f\u0131r. Bu ilk g\u00f6r\u00fc\u015fmede, grup terapisinin sizin i\u00e7in uygun olup olmad\u0131\u011f\u0131 ya da \u00f6ncelikle ba\u015fka bir tedavi yakla\u015f\u0131m\u0131n\u0131n daha anlaml\u0131 olup olmayaca\u011f\u0131 birlikte de\u011ferlendirilir.<\/p>\n<p>Analitik-etkile\u015fimsel grup terapisi, \u201ckronik a\u011fr\u0131\u201d ortak temas\u0131n\u0131 payla\u015fan ki\u015filer i\u00e7in koruyucu ve g\u00fcvenli bir alan sunar. Bir\u00e7ok hasta, benzer deneyimleri olan ba\u015fkalar\u0131yla kar\u015f\u0131la\u015fmay\u0131 b\u00fcy\u00fck bir rahatlama olarak ya\u015far. Kendi \u015fik\u00e2yetleriyle yaln\u0131z kalma ya da s\u00fcrekli kendini a\u00e7\u0131klamak zorunda olma duygusu, grup i\u00e7inde belirgin bi\u00e7imde azalabilir. Burada a\u011fr\u0131 sorgulanmaz; \u00f6znel ve ger\u00e7ek bir deneyim olarak ciddiyetle ele al\u0131n\u0131r.<\/p>\n<p>Analitik y\u00f6nelimli grup \u00e7al\u0131\u015fmas\u0131nda yaln\u0131zca mevcut a\u011fr\u0131lar de\u011fil, onlarla ili\u015fkili duygusal ve ki\u015fileraras\u0131 s\u00fcre\u00e7ler de ele al\u0131n\u0131r. Tekrarlayan ili\u015fki \u00f6r\u00fcnt\u00fcleri, \u00f6fke, \u00e7aresizlik, su\u00e7luluk ya da utan\u00e7 gibi bilin\u00e7d\u0131\u015f\u0131 duygulan\u0131mlar ve i\u00e7sel \u00e7at\u0131\u015fmalar grup s\u00fcrecinde g\u00f6r\u00fcn\u00fcr, ifade edilebilir ve anla\u015f\u0131labilir h\u00e2le gelir. Grup, yeni ili\u015fki deneyimlerine olanak tan\u0131r; bu deneyimler i\u00e7sel ya\u015fant\u0131y\u0131 d\u00fczenleyici etki g\u00f6sterebilir ve dolayl\u0131 olarak a\u011fr\u0131 s\u00fcrecini de olumlu y\u00f6nde etkileyebilir.<\/p>\n<p>Tedavinin amac\u0131, a\u011fr\u0131y\u0131 \u201cortadan kald\u0131rmak\u201d de\u011fil; onunla daha farkl\u0131 ve sa\u011falt\u0131c\u0131 bir i\u00e7sel ili\u015fki geli\u015ftirmek, duygusal y\u00fckleri azaltmak ve ya\u015fam kalitesini kal\u0131c\u0131 bi\u00e7imde art\u0131rmakt\u0131r. Bir\u00e7ok hasta s\u00fcre\u00e7 i\u00e7inde a\u011fr\u0131 dinami\u011finde azalma, daha fazla i\u00e7sel denge ve g\u00fc\u00e7lenmi\u015f bir \u00f6z-etkililik duygusu bildirmektedir.<\/p>\n<p>A\u011fr\u0131ya y\u00f6nelik psikoterapi g\u00f6r\u00fc\u015fmelerinin ve devam\u0131nda \u00f6nerilen grup terapisinin masraflar\u0131 sa\u011fl\u0131k sigortalar\u0131 taraf\u0131ndan kar\u015f\u0131lanmaktad\u0131r.<\/p>\n<p>Size memnuniyetle ayr\u0131nt\u0131l\u0131 bilgi verebilirim.<\/p>\n<p>Dan\u0131\u015fmanl\u0131k ve \u00f6n g\u00f6r\u00fc\u015fme randevusu i\u00e7in <a href=\"https:\/\/grunert-psychotherapie.de\/tr\/kontakt\/\">e-posta<\/a> yoluyla ya da <a href=\"https:\/\/www.jameda.de\/pinar-grunert\/psychosomatiker-aerztlicher-psychotherapeut-psychoanalyse\/berlin\" target=\"_blank\" rel=\"noopener\">Jameda<\/a> veya <a href=\"https:\/\/www.doctolib.de\/psychosomatische-medizin-psychotherapie\/berlin\/pinar-grunert\" target=\"_blank\" rel=\"noopener\">Doctolib<\/a> randevu platformlar\u0131 \u00fczerinden psikoterapi dan\u0131\u015fma saatim i\u00e7in randevu alabilirsiniz.<\/p>\n<p>&nbsp;<\/p>\n<p>Faydal\u0131 ba\u011flant\u0131lar:<\/p>\n<p><a href=\"https:\/\/psychosomatik.charite.de\/fuer_patienten\/ambulanz\/schmerz\/\">Charit\u00e9<\/a><\/p>\n<p><a href=\"https:\/\/tww-berlin.de\/kliniken\/psychosomatik\/schmerztherapie\">Theodor-Wenzel-Werk e. V.<\/a><\/p>\n<p><a href=\"https:\/\/mediathek.hhu.de\/watch\/13c5361f-4b52-44d6-90fd-4bcbcac5abbe\" target=\"_blank\" rel=\"noopener noreferrer\">A\u011fr\u0131 beyinden kaynakland\u0131\u011f\u0131nda<\/a><\/p>\n","protected":false},"excerpt":{"rendered":"<p>Somatoform a\u011fr\u0131 bozuklu\u011fu olan hastalar i\u00e7in \u00f6zel terapi grubu Kronik a\u011fr\u0131, bir\u00e7ok insan i\u00e7in hem bedensel hem de ruhsal a\u00e7\u0131dan &hellip; <a href=\"https:\/\/grunert-psychotherapie.de\/tr\/behandlungsschwerpunkte\/schmerz\/\">Daha Fazlas\u0131n\u0131 Oku<\/a><\/p>\n","protected":false},"author":1,"featured_media":0,"parent":341,"menu_order":0,"comment_status":"closed","ping_status":"closed","template":"","meta":{"_exactmetrics_skip_tracking":false,"_exactmetrics_sitenote_active":false,"_exactmetrics_sitenote_note":"","_exactmetrics_sitenote_category":0,"footnotes":""},"class_list":["post-443","page","type-page","status-publish","hentry"],"translation":{"provider":"WPGlobus","version":"3.0.2","language":"tr","enabled_languages":["de","tr"],"languages":{"de":{"title":true,"content":true,"excerpt":false},"tr":{"title":true,"content":true,"excerpt":false}}},"yoast_head":"<!-- This site is optimized with the Yoast SEO Premium plugin v26.9 (Yoast SEO v27.5) - https:\/\/yoast.com\/product\/yoast-seo-premium-wordpress\/ -->\n<title>Dr. med. Pinar Grunert \u2022 Psychotherapeutin gegen Schmerzen in Berlin &#8226; Kronik a\u011fr\u0131<\/title>\n<meta name=\"description\" content=\"Dr. med. P\u0131nar Grunert - Berlin&#039;de psikosomatik t\u0131p ve psikoterapi uzman\u0131 ve psikanalist, anadili Almanca ve T\u00fcrk\u00e7e, KV lisans\u0131\" \/>\n<meta name=\"robots\" content=\"index, follow, max-snippet:-1, max-image-preview:large, max-video-preview:-1\" \/>\n<link rel=\"canonical\" href=\"https:\/\/grunert-psychotherapie.de\/behandlungsschwerpunkte\/schmerz\/\" \/>\n<meta property=\"og:locale\" content=\"tr_TR\" \/>\n<meta property=\"og:type\" content=\"article\" \/>\n<meta property=\"og:title\" content=\"Dr. med. Pinar Grunert &#8226; Kronik a\u011fr\u0131\" \/>\n<meta property=\"og:description\" content=\"Dr. med. P\u0131nar Grunert - Berlin&#039;de psikosomatik t\u0131p ve psikoterapi uzman\u0131 ve psikanalist, anadili Almanca ve T\u00fcrk\u00e7e, KV lisans\u0131\" \/>\n<meta property=\"og:url\" content=\"https:\/\/grunert-psychotherapie.de\/behandlungsschwerpunkte\/schmerz\/\" \/>\n<meta property=\"og:site_name\" content=\"Dr. med. Pinar Grunert\" \/>\n<meta property=\"article:modified_time\" content=\"2026-02-11T08:37:22+00:00\" \/>\n<meta property=\"og:image\" content=\"https:\/\/grunert-psychotherapie.de\/wp-content\/uploads\/2023\/03\/website_screenshot_pinar-grunert.jpg\" \/>\n\t<meta property=\"og:image:width\" content=\"1200\" \/>\n\t<meta property=\"og:image:height\" content=\"675\" \/>\n\t<meta property=\"og:image:type\" content=\"image\/jpeg\" \/>\n<meta name=\"twitter:card\" content=\"summary_large_image\" \/>\n<meta name=\"twitter:label1\" content=\"Est. reading time\" \/>\n\t<meta name=\"twitter:data1\" content=\"4 minutes\" \/>\n<script type=\"application\/ld+json\" class=\"yoast-schema-graph\">{\"@context\":\"https:\\\/\\\/schema.org\",\"@graph\":[{\"@type\":\"WebPage\",\"@id\":\"https:\\\/\\\/grunert-psychotherapie.de\\\/behandlungsschwerpunkte\\\/schmerz\\\/\",\"url\":\"https:\\\/\\\/grunert-psychotherapie.de\\\/behandlungsschwerpunkte\\\/schmerz\\\/\",\"name\":\"Dr. med. Pinar Grunert \u2022 Psychotherapeutin gegen Schmerzen in Berlin &#8226; Kronik a\u011fr\u0131\",\"isPartOf\":{\"@id\":\"https:\\\/\\\/grunert-psychotherapie.de\\\/#website\"},\"datePublished\":\"2019-08-20T15:45:50+00:00\",\"dateModified\":\"2026-02-11T08:37:22+00:00\",\"description\":\"Dr. med. Pinar Grunert \u2022 Fach\u00e4rztin f\u00fcr Psychosomatische Medizin und Psychotherapie und Psychoanalytikerin in Berlin, muttersprachlich auf deutsch und t\u00fcrkisch, KV-Zulassung\",\"breadcrumb\":{\"@id\":\"https:\\\/\\\/grunert-psychotherapie.de\\\/behandlungsschwerpunkte\\\/schmerz\\\/#breadcrumb\"},\"inLanguage\":\"tr-TR\",\"potentialAction\":[{\"@type\":\"ReadAction\",\"target\":[\"https:\\\/\\\/grunert-psychotherapie.de\\\/behandlungsschwerpunkte\\\/schmerz\\\/\"]}]},{\"@type\":\"BreadcrumbList\",\"@id\":\"https:\\\/\\\/grunert-psychotherapie.de\\\/behandlungsschwerpunkte\\\/schmerz\\\/#breadcrumb\",\"itemListElement\":[{\"@type\":\"ListItem\",\"position\":1,\"name\":\"Startseite\",\"item\":\"https:\\\/\\\/grunert-psychotherapie.de\\\/\"},{\"@type\":\"ListItem\",\"position\":2,\"name\":\"Meine Behandlungsschwerpunkte\",\"item\":\"https:\\\/\\\/grunert-psychotherapie.de\\\/behandlungsschwerpunkte\\\/\"},{\"@type\":\"ListItem\",\"position\":3,\"name\":\"Chronische Schmerzen\"}]},{\"@type\":\"WebSite\",\"@id\":\"https:\\\/\\\/grunert-psychotherapie.de\\\/#website\",\"url\":\"https:\\\/\\\/grunert-psychotherapie.de\\\/\",\"name\":\"Dr. med. Pinar Grunert\",\"description\":\"Fach\u00e4rztin f\u00fcr Psychosomatische Medizin und Psychotherapie in deutscher und t\u00fcrkischer Muttersprache\",\"publisher\":{\"@id\":\"https:\\\/\\\/grunert-psychotherapie.de\\\/#\\\/schema\\\/person\\\/4b53dd21af435bc2960d9ec5a34215ae\"},\"alternateName\":\"Dr. med. Pinar Grunert \u2022 Fach\u00e4rztin f\u00fcr Psychosomatische Medizin und Psychotherapie und Psychoanalytikerin in Berlin, muttersprachlich auf deutsch und t\u00fcrkisch\",\"potentialAction\":[{\"@type\":\"SearchAction\",\"target\":{\"@type\":\"EntryPoint\",\"urlTemplate\":\"https:\\\/\\\/grunert-psychotherapie.de\\\/?s={search_term_string}\"},\"query-input\":{\"@type\":\"PropertyValueSpecification\",\"valueRequired\":true,\"valueName\":\"search_term_string\"}}],\"inLanguage\":\"tr-TR\"},{\"@type\":[\"Person\",\"Organization\"],\"@id\":\"https:\\\/\\\/grunert-psychotherapie.de\\\/#\\\/schema\\\/person\\\/4b53dd21af435bc2960d9ec5a34215ae\",\"name\":\"Dr. med. Pinar Grunert\",\"image\":{\"@type\":\"ImageObject\",\"inLanguage\":\"tr-TR\",\"@id\":\"https:\\\/\\\/grunert-psychotherapie.de\\\/wp-content\\\/uploads\\\/2019\\\/08\\\/start-slider_quadrat_01.jpg\",\"url\":\"https:\\\/\\\/grunert-psychotherapie.de\\\/wp-content\\\/uploads\\\/2019\\\/08\\\/start-slider_quadrat_01.jpg\",\"contentUrl\":\"https:\\\/\\\/grunert-psychotherapie.de\\\/wp-content\\\/uploads\\\/2019\\\/08\\\/start-slider_quadrat_01.jpg\",\"width\":350,\"height\":350,\"caption\":\"Dr. med. Pinar Grunert\"},\"logo\":{\"@id\":\"https:\\\/\\\/grunert-psychotherapie.de\\\/wp-content\\\/uploads\\\/2019\\\/08\\\/start-slider_quadrat_01.jpg\"},\"description\":\"Facharztpraxis f\u00fcr Psychosomatische Medizin und Psychotherapie, Psychoanalyse\",\"sameAs\":[\"https:\\\/\\\/grunert-psychotherapie.de\"],\"honorificPrefix\":\"Dr\",\"honorificSuffix\":\"med\",\"gender\":\"weiblich\",\"knowsAbout\":[\"psychologische Hilfe bei unerf\u00fclltem Kinderwunsch in Berlin\",\"Psychotherapie in Berlin\",\"Psychotherapie f\u00fcr Burnout in Berlin\",\"Psychotherapeutinf\u00fcr Depressionen und \u00c4ngste in Berlin Psychotherapie\",\"Depressionen\",\"\u00c4ngste\",\"Stress assoziierte Erkrankungen\",\"unerf\u00fcllter Kinderwunsch\",\"Somatoforme Schmerzen\",\"Tiefenpsychologie\",\"Psychotherapie auf T\u00fcrkisch und Deutsch\",\"Migration\",\"Spezialisierte Therapiegruppen\",\"Fehlgeburt\"],\"knowsLanguage\":[\"Deutsch\",\"T\u00fcrkisch\"],\"jobTitle\":\"Psychotherapeutin\",\"worksFor\":\"Dr. med Pinar Grunert\"}]}<\/script>\n<!-- \/ Yoast SEO Premium plugin. -->","yoast_head_json":{"title":"Dr. med. Pinar Grunert \u2022 Psychotherapeutin gegen Schmerzen in Berlin &#8226; Kronik a\u011fr\u0131","description":"Dr. med. P\u0131nar Grunert - Berlin'de psikosomatik t\u0131p ve psikoterapi uzman\u0131 ve psikanalist, anadili Almanca ve T\u00fcrk\u00e7e, KV lisans\u0131","robots":{"index":"index","follow":"follow","max-snippet":"max-snippet:-1","max-image-preview":"max-image-preview:large","max-video-preview":"max-video-preview:-1"},"canonical":"https:\/\/grunert-psychotherapie.de\/behandlungsschwerpunkte\/schmerz\/","og_locale":"tr_TR","og_type":"article","og_title":"Dr. med. Pinar Grunert &#8226; Kronik a\u011fr\u0131","og_description":"Dr. med. P\u0131nar Grunert - Berlin'de psikosomatik t\u0131p ve psikoterapi uzman\u0131 ve psikanalist, anadili Almanca ve T\u00fcrk\u00e7e, KV lisans\u0131","og_url":"https:\/\/grunert-psychotherapie.de\/behandlungsschwerpunkte\/schmerz\/","og_site_name":"Dr. med. Pinar Grunert","article_modified_time":"2026-02-11T08:37:22+00:00","og_image":[{"width":1200,"height":675,"url":"https:\/\/grunert-psychotherapie.de\/wp-content\/uploads\/2023\/03\/website_screenshot_pinar-grunert.jpg","type":"image\/jpeg"}],"twitter_card":"summary_large_image","twitter_misc":{"Est. reading time":"4 minutes"},"schema":{"@context":"https:\/\/schema.org","@graph":[{"@type":"WebPage","@id":"https:\/\/grunert-psychotherapie.de\/behandlungsschwerpunkte\/schmerz\/","url":"https:\/\/grunert-psychotherapie.de\/behandlungsschwerpunkte\/schmerz\/","name":"Dr. med. Pinar Grunert \u2022 Psychotherapeutin gegen Schmerzen in Berlin &#8226; Kronik a\u011fr\u0131","isPartOf":{"@id":"https:\/\/grunert-psychotherapie.de\/#website"},"datePublished":"2019-08-20T15:45:50+00:00","dateModified":"2026-02-11T08:37:22+00:00","description":"Dr. med. Pinar Grunert \u2022 Fach\u00e4rztin f\u00fcr Psychosomatische Medizin und Psychotherapie und Psychoanalytikerin in Berlin, muttersprachlich auf deutsch und t\u00fcrkisch, KV-Zulassung","breadcrumb":{"@id":"https:\/\/grunert-psychotherapie.de\/behandlungsschwerpunkte\/schmerz\/#breadcrumb"},"inLanguage":"tr-TR","potentialAction":[{"@type":"ReadAction","target":["https:\/\/grunert-psychotherapie.de\/behandlungsschwerpunkte\/schmerz\/"]}]},{"@type":"BreadcrumbList","@id":"https:\/\/grunert-psychotherapie.de\/behandlungsschwerpunkte\/schmerz\/#breadcrumb","itemListElement":[{"@type":"ListItem","position":1,"name":"Startseite","item":"https:\/\/grunert-psychotherapie.de\/"},{"@type":"ListItem","position":2,"name":"Meine Behandlungsschwerpunkte","item":"https:\/\/grunert-psychotherapie.de\/behandlungsschwerpunkte\/"},{"@type":"ListItem","position":3,"name":"Chronische Schmerzen"}]},{"@type":"WebSite","@id":"https:\/\/grunert-psychotherapie.de\/#website","url":"https:\/\/grunert-psychotherapie.de\/","name":"Dr. med. Pinar Grunert","description":"Fach\u00e4rztin f\u00fcr Psychosomatische Medizin und Psychotherapie in deutscher und t\u00fcrkischer Muttersprache","publisher":{"@id":"https:\/\/grunert-psychotherapie.de\/#\/schema\/person\/4b53dd21af435bc2960d9ec5a34215ae"},"alternateName":"Dr. med. Pinar Grunert \u2022 Fach\u00e4rztin f\u00fcr Psychosomatische Medizin und Psychotherapie und Psychoanalytikerin in Berlin, muttersprachlich auf deutsch und t\u00fcrkisch","potentialAction":[{"@type":"SearchAction","target":{"@type":"EntryPoint","urlTemplate":"https:\/\/grunert-psychotherapie.de\/?s={search_term_string}"},"query-input":{"@type":"PropertyValueSpecification","valueRequired":true,"valueName":"search_term_string"}}],"inLanguage":"tr-TR"},{"@type":["Person","Organization"],"@id":"https:\/\/grunert-psychotherapie.de\/#\/schema\/person\/4b53dd21af435bc2960d9ec5a34215ae","name":"Dr. med. Pinar Grunert","image":{"@type":"ImageObject","inLanguage":"tr-TR","@id":"https:\/\/grunert-psychotherapie.de\/wp-content\/uploads\/2019\/08\/start-slider_quadrat_01.jpg","url":"https:\/\/grunert-psychotherapie.de\/wp-content\/uploads\/2019\/08\/start-slider_quadrat_01.jpg","contentUrl":"https:\/\/grunert-psychotherapie.de\/wp-content\/uploads\/2019\/08\/start-slider_quadrat_01.jpg","width":350,"height":350,"caption":"Dr. med. Pinar Grunert"},"logo":{"@id":"https:\/\/grunert-psychotherapie.de\/wp-content\/uploads\/2019\/08\/start-slider_quadrat_01.jpg"},"description":"Facharztpraxis f\u00fcr Psychosomatische Medizin und Psychotherapie, Psychoanalyse","sameAs":["https:\/\/grunert-psychotherapie.de"],"honorificPrefix":"Dr","honorificSuffix":"med","gender":"weiblich","knowsAbout":["psychologische Hilfe bei unerf\u00fclltem Kinderwunsch in Berlin","Psychotherapie in Berlin","Psychotherapie f\u00fcr Burnout in Berlin","Psychotherapeutinf\u00fcr Depressionen und \u00c4ngste in Berlin Psychotherapie","Depressionen","\u00c4ngste","Stress assoziierte Erkrankungen","unerf\u00fcllter Kinderwunsch","Somatoforme Schmerzen","Tiefenpsychologie","Psychotherapie auf T\u00fcrkisch und Deutsch","Migration","Spezialisierte Therapiegruppen","Fehlgeburt"],"knowsLanguage":["Deutsch","T\u00fcrkisch"],"jobTitle":"Psychotherapeutin","worksFor":"Dr. med Pinar Grunert"}]}},"_links":{"self":[{"href":"https:\/\/grunert-psychotherapie.de\/tr\/wp-json\/wp\/v2\/pages\/443","targetHints":{"allow":["GET"]}}],"collection":[{"href":"https:\/\/grunert-psychotherapie.de\/tr\/wp-json\/wp\/v2\/pages"}],"about":[{"href":"https:\/\/grunert-psychotherapie.de\/tr\/wp-json\/wp\/v2\/types\/page"}],"author":[{"embeddable":true,"href":"https:\/\/grunert-psychotherapie.de\/tr\/wp-json\/wp\/v2\/users\/1"}],"replies":[{"embeddable":true,"href":"https:\/\/grunert-psychotherapie.de\/tr\/wp-json\/wp\/v2\/comments?post=443"}],"version-history":[{"count":0,"href":"https:\/\/grunert-psychotherapie.de\/tr\/wp-json\/wp\/v2\/pages\/443\/revisions"}],"up":[{"embeddable":true,"href":"https:\/\/grunert-psychotherapie.de\/tr\/wp-json\/wp\/v2\/pages\/341"}],"wp:attachment":[{"href":"https:\/\/grunert-psychotherapie.de\/tr\/wp-json\/wp\/v2\/media?parent=443"}],"curies":[{"name":"wp","href":"https:\/\/api.w.org\/{rel}","templated":true}]}}